{"id":21,"date":"2024-06-17T13:06:26","date_gmt":"2024-06-17T13:06:26","guid":{"rendered":"https:\/\/radioclubedeinhapim.com.br\/?page_id=21"},"modified":"2024-07-04T14:44:44","modified_gmt":"2024-07-04T17:44:44","slug":"home","status":"publish","type":"page","link":"https:\/\/radioclubedeinhapim.com.br\/","title":{"rendered":"Home"},"content":{"rendered":"\t\t<div data-elementor-type=\"wp-page\" data-elementor-id=\"21\" class=\"elementor elementor-21\">\n\t\t\t\t<div class=\"elementor-element elementor-element-d972cba e-con-full e-flex e-con e-parent\" data-id=\"d972cba\" data-element_type=\"container\">\n\t\t\t\t<div class=\"elementor-element elementor-element-e4f514b elementor-widget elementor-widget-post-block\" data-id=\"e4f514b\" data-element_type=\"widget\" data-widget_type=\"post-block.default\">\n\t\t\t\t<div class=\"elementor-widget-container\">\n\t\t\t<div id=\"wpmagazine-modules-lite-post-block--block-e4f514b\" class=\"wpmagazine-modules-lite-post-block--block block-e4f514b cvmm-block cvmm-block-post-block--layout-two\">    <div class=\"cvmm-post-wrapper\">\r\n        <div class=\"cvmm-post-block-main-post-wrap\">                <article post-id=\"post-10024\" class=\"cvmm-post post-format--standard\" itemscope itemtype=\"http:\/\/schema.org\/articleBody\">\r\n                                        <div class=\"cvmm-post-thumb\">\r\n                        <a href=\"https:\/\/radioclubedeinhapim.com.br\/index.php\/2026\/04\/28\/pf-faz-operacao-de-combate-a-exploracao-sexual-infantil-em-todos-os-estados\/\" target=\"_blank\"><img decoding=\"async\" src=\"https:\/\/radioclubedeinhapim.com.br\/wp-content\/uploads\/2026\/04\/6-1.jpg\" alt=\"PF faz opera\u00e7\u00e3o de combate a explora\u00e7\u00e3o sexual infantil em todos os estados\"\/><\/a>\r\n\r\n                                            <\/div>\r\n\r\n                    <div class=\"cvmm-post-content-all-wrapper\">\r\n                            \r\n                        <h2 class=\"cvmm-post-title\">\r\n                            <a href=\"https:\/\/radioclubedeinhapim.com.br\/index.php\/2026\/04\/28\/pf-faz-operacao-de-combate-a-exploracao-sexual-infantil-em-todos-os-estados\/\" target=\"_blank\">\r\n                                PF faz opera\u00e7\u00e3o de combate a explora\u00e7\u00e3o sexual infantil em todos os estados                            <\/a>\r\n                        <\/h2>\r\n\r\n                        <div class=\"cvmm-post-meta cvmm-meta-icon-hide\">\r\n                                                    <\/div>\r\n                                            <\/div> <!-- cvmm-post-content-all-wrapper -->\r\n                    \r\n                <\/article>\r\n        <\/div><!-- .cvmm-post-block-main-post-wrap --><div class=\"cvmm-post-block-trailing-post-wrap\">                <article post-id=\"post-10020\" class=\"cvmm-post post-format--standard\" itemscope itemtype=\"http:\/\/schema.org\/articleBody\">\r\n                                        <div class=\"cvmm-post-thumb\">\r\n                        <a href=\"https:\/\/radioclubedeinhapim.com.br\/index.php\/2026\/04\/28\/mpmg-denuncia-motorista-por-duplo-homicidio-qualificado-na-br-116-em-dom-cavati\/\" target=\"_blank\"><img decoding=\"async\" src=\"https:\/\/radioclubedeinhapim.com.br\/wp-content\/uploads\/2026\/04\/5-2.jpg\" alt=\"MPMG denuncia motorista por duplo homic\u00eddio qualificado na BR-116, em Dom Cavati\"\/><\/a>\r\n\r\n                                            <\/div>\r\n\r\n                    <div class=\"cvmm-post-content-all-wrapper\">\r\n                            \r\n                        <h2 class=\"cvmm-post-title\">\r\n                            <a href=\"https:\/\/radioclubedeinhapim.com.br\/index.php\/2026\/04\/28\/mpmg-denuncia-motorista-por-duplo-homicidio-qualificado-na-br-116-em-dom-cavati\/\" target=\"_blank\">\r\n                                MPMG denuncia motorista por duplo homic\u00eddio qualificado na BR-116, em Dom Cavati                            <\/a>\r\n                        <\/h2>\r\n\r\n                        <div class=\"cvmm-post-meta cvmm-meta-icon-hide\">\r\n                                                    <\/div>\r\n                                            <\/div> <!-- cvmm-post-content-all-wrapper -->\r\n                    \r\n                <\/article>\r\n                        <article post-id=\"post-10017\" class=\"cvmm-post post-format--standard\" itemscope itemtype=\"http:\/\/schema.org\/articleBody\">\r\n                                        <div class=\"cvmm-post-thumb\">\r\n                        <a href=\"https:\/\/radioclubedeinhapim.com.br\/index.php\/2026\/04\/27\/homem-e-morto-a-golpes-na-cabeca-enquanto-dormia-na-rua-em-coronel-fabriciano\/\" target=\"_blank\"><img decoding=\"async\" src=\"https:\/\/radioclubedeinhapim.com.br\/wp-content\/uploads\/2026\/04\/3-1.jpg\" alt=\"Homem \u00e9 morto a golpes na cabe\u00e7a enquanto dormia na rua em Coronel Fabriciano\"\/><\/a>\r\n\r\n                                            <\/div>\r\n\r\n                    <div class=\"cvmm-post-content-all-wrapper\">\r\n                            \r\n                        <h2 class=\"cvmm-post-title\">\r\n                            <a href=\"https:\/\/radioclubedeinhapim.com.br\/index.php\/2026\/04\/27\/homem-e-morto-a-golpes-na-cabeca-enquanto-dormia-na-rua-em-coronel-fabriciano\/\" target=\"_blank\">\r\n                                Homem \u00e9 morto a golpes na cabe\u00e7a enquanto dormia na rua em Coronel Fabriciano                            <\/a>\r\n                        <\/h2>\r\n\r\n                        <div class=\"cvmm-post-meta cvmm-meta-icon-hide\">\r\n                                                    <\/div>\r\n                                            <\/div> <!-- cvmm-post-content-all-wrapper -->\r\n                    \r\n                <\/article>\r\n                        <article post-id=\"post-10013\" class=\"cvmm-post post-format--standard\" itemscope itemtype=\"http:\/\/schema.org\/articleBody\">\r\n                                        <div class=\"cvmm-post-thumb\">\r\n                        <a href=\"https:\/\/radioclubedeinhapim.com.br\/index.php\/2026\/04\/27\/identificada-vitima-fatal-de-grave-acidente-na-br-116-em-inhapim\/\" target=\"_blank\"><img decoding=\"async\" src=\"https:\/\/radioclubedeinhapim.com.br\/wp-content\/uploads\/2026\/04\/2-3.jpg\" alt=\"IDENTIFICADA V\u00cdTIMA FATAL DE GRAVE ACIDENTE NA BR-116 EM INHAPIM\"\/><\/a>\r\n\r\n                                            <\/div>\r\n\r\n                    <div class=\"cvmm-post-content-all-wrapper\">\r\n                            \r\n                        <h2 class=\"cvmm-post-title\">\r\n                            <a href=\"https:\/\/radioclubedeinhapim.com.br\/index.php\/2026\/04\/27\/identificada-vitima-fatal-de-grave-acidente-na-br-116-em-inhapim\/\" target=\"_blank\">\r\n                                IDENTIFICADA V\u00cdTIMA FATAL DE GRAVE ACIDENTE NA BR-116 EM INHAPIM                            <\/a>\r\n                        <\/h2>\r\n\r\n                        <div class=\"cvmm-post-meta cvmm-meta-icon-hide\">\r\n                                                    <\/div>\r\n                                            <\/div> <!-- cvmm-post-content-all-wrapper -->\r\n                    \r\n                <\/article>\r\n        <\/div><!-- .cvmm-post-block-trailing-post-wrap -->    <\/div><\/div><!-- #wpmagazine-modules-lite-post-block--block -->\t\t<\/div>\n\t\t\t\t<\/div>\n\t\t\t\t<\/div>\n\t\t<div class=\"elementor-element elementor-element-97b0af1 e-con-full e-transform e-transform e-transform e-flex e-con e-parent\" data-id=\"97b0af1\" data-element_type=\"container\" data-settings=\"{&quot;background_background&quot;:&quot;classic&quot;,&quot;_transform_rotateZ_effect_hover&quot;:{&quot;unit&quot;:&quot;px&quot;,&quot;size&quot;:&quot;&quot;,&quot;sizes&quot;:[]},&quot;_transform_rotateZ_effect_hover_tablet&quot;:{&quot;unit&quot;:&quot;deg&quot;,&quot;size&quot;:&quot;&quot;,&quot;sizes&quot;:[]},&quot;_transform_rotateZ_effect_hover_mobile&quot;:{&quot;unit&quot;:&quot;deg&quot;,&quot;size&quot;:&quot;&quot;,&quot;sizes&quot;:[]},&quot;_transform_translateX_effect_hover&quot;:{&quot;unit&quot;:&quot;px&quot;,&quot;size&quot;:&quot;&quot;,&quot;sizes&quot;:[]},&quot;_transform_translateX_effect_hover_tablet&quot;:{&quot;unit&quot;:&quot;px&quot;,&quot;size&quot;:&quot;&quot;,&quot;sizes&quot;:[]},&quot;_transform_translateX_effect_hover_mobile&quot;:{&quot;unit&quot;:&quot;px&quot;,&quot;size&quot;:&quot;&quot;,&quot;sizes&quot;:[]},&quot;_transform_translateY_effect_hover&quot;:{&quot;unit&quot;:&quot;px&quot;,&quot;size&quot;:&quot;&quot;,&quot;sizes&quot;:[]},&quot;_transform_translateY_effect_hover_tablet&quot;:{&quot;unit&quot;:&quot;px&quot;,&quot;size&quot;:&quot;&quot;,&quot;sizes&quot;:[]},&quot;_transform_translateY_effect_hover_mobile&quot;:{&quot;unit&quot;:&quot;px&quot;,&quot;size&quot;:&quot;&quot;,&quot;sizes&quot;:[]},&quot;_transform_scale_effect_hover&quot;:{&quot;unit&quot;:&quot;px&quot;,&quot;size&quot;:&quot;&quot;,&quot;sizes&quot;:[]},&quot;_transform_scale_effect_hover_tablet&quot;:{&quot;unit&quot;:&quot;px&quot;,&quot;size&quot;:&quot;&quot;,&quot;sizes&quot;:[]},&quot;_transform_scale_effect_hover_mobile&quot;:{&quot;unit&quot;:&quot;px&quot;,&quot;size&quot;:&quot;&quot;,&quot;sizes&quot;:[]}}\">\n\t\t<div class=\"elementor-element elementor-element-1a88ef3 e-con-full e-flex e-con e-child\" data-id=\"1a88ef3\" data-element_type=\"container\">\n\t\t\t\t<div class=\"elementor-element elementor-element-d7f9d6a elementor-grid-4 elementor-grid-tablet-2 elementor-grid-mobile-1 elementor-posts--thumbnail-top load-more-align-center elementor-widget elementor-widget-posts\" data-id=\"d7f9d6a\" data-element_type=\"widget\" data-settings=\"{&quot;pagination_type&quot;:&quot;load_more_on_click&quot;,&quot;classic_columns&quot;:&quot;4&quot;,&quot;classic_columns_tablet&quot;:&quot;2&quot;,&quot;classic_columns_mobile&quot;:&quot;1&quot;,&quot;classic_row_gap&quot;:{&quot;unit&quot;:&quot;px&quot;,&quot;size&quot;:35,&quot;sizes&quot;:[]},&quot;classic_row_gap_tablet&quot;:{&quot;unit&quot;:&quot;px&quot;,&quot;size&quot;:&quot;&quot;,&quot;sizes&quot;:[]},&quot;classic_row_gap_mobile&quot;:{&quot;unit&quot;:&quot;px&quot;,&quot;size&quot;:&quot;&quot;,&quot;sizes&quot;:[]},&quot;load_more_spinner&quot;:{&quot;value&quot;:&quot;fas fa-spinner&quot;,&quot;library&quot;:&quot;fa-solid&quot;}}\" data-widget_type=\"posts.classic\">\n\t\t\t\t<div class=\"elementor-widget-container\">\n\t\t\t<link rel=\"stylesheet\" href=\"https:\/\/radioclubedeinhapim.com.br\/wp-content\/plugins\/elementor-pro\/assets\/css\/widget-posts.min.css\">\t\t<div class=\"elementor-posts-container elementor-posts elementor-posts--skin-classic elementor-grid\">\n\t\t\t\t<article class=\"elementor-post elementor-grid-item post-10007 post type-post status-publish format-standard has-post-thumbnail hentry category-noticias\">\n\t\t\t\t<a class=\"elementor-post__thumbnail__link\" href=\"https:\/\/radioclubedeinhapim.com.br\/index.php\/2026\/04\/27\/gravissimo-acidente-com-vitima-fatal-e-registrado-no-km-501-da-br-116-em-inhapim\/\" >\n\t\t\t<div class=\"elementor-post__thumbnail\"><img decoding=\"async\" width=\"150\" height=\"150\" src=\"https:\/\/radioclubedeinhapim.com.br\/wp-content\/uploads\/2026\/04\/33-150x150.jpg\" class=\"attachment-thumbnail size-thumbnail wp-image-10008\" alt=\"\" srcset=\"https:\/\/radioclubedeinhapim.com.br\/wp-content\/uploads\/2026\/04\/33-150x150.jpg 150w, https:\/\/radioclubedeinhapim.com.br\/wp-content\/uploads\/2026\/04\/33-300x300.jpg 300w, https:\/\/radioclubedeinhapim.com.br\/wp-content\/uploads\/2026\/04\/33-1024x1024.jpg 1024w, https:\/\/radioclubedeinhapim.com.br\/wp-content\/uploads\/2026\/04\/33-768x768.jpg 768w, https:\/\/radioclubedeinhapim.com.br\/wp-content\/uploads\/2026\/04\/33-600x600.jpg 600w, https:\/\/radioclubedeinhapim.com.br\/wp-content\/uploads\/2026\/04\/33.jpg 1080w\" sizes=\"(max-width: 150px) 100vw, 150px\" \/><\/div>\n\t\t<\/a>\n\t\t\t\t<div class=\"elementor-post__text\">\n\t\t\t\t<h3 class=\"elementor-post__title\">\n\t\t\t<a href=\"https:\/\/radioclubedeinhapim.com.br\/index.php\/2026\/04\/27\/gravissimo-acidente-com-vitima-fatal-e-registrado-no-km-501-da-br-116-em-inhapim\/\" >\n\t\t\t\tGrav\u00edssimo acidente com v\u00edtima fatal \u00e9 registrado no KM 501 da BR-116, em Inhapim\t\t\t<\/a>\n\t\t<\/h3>\n\t\t\t\t<div class=\"elementor-post__meta-data\">\n\t\t\t\t\t<span class=\"elementor-post-date\">\n\t\t\t27 de abril de 2026\t\t<\/span>\n\t\t\t\t<\/div>\n\t\t\t\t<div class=\"elementor-post__excerpt\">\n\t\t\t<p>Um grav\u00edssimo acidente foi registrado na manh\u00e3 desta segunda-feira (27) no km 501 da BR-116, em Inhapim. A colis\u00e3o frontal<\/p>\n\t\t<\/div>\n\t\t\t\t\t<a class=\"elementor-post__read-more\" href=\"https:\/\/radioclubedeinhapim.com.br\/index.php\/2026\/04\/27\/gravissimo-acidente-com-vitima-fatal-e-registrado-no-km-501-da-br-116-em-inhapim\/\" >\n\t\t\t\tLeia mais\t\t\t<\/a>\n\t\t\t\t<\/div>\n\t\t\t\t<\/article>\n\t\t\t\t<article class=\"elementor-post elementor-grid-item post-10004 post type-post status-publish format-standard has-post-thumbnail hentry category-noticias\">\n\t\t\t\t<a class=\"elementor-post__thumbnail__link\" href=\"https:\/\/radioclubedeinhapim.com.br\/index.php\/2026\/04\/27\/justica-decreta-prisao-preventiva-de-acusado-por-duplo-homicidio-apos-adiamento-de-juri-em-inhapim\/\" >\n\t\t\t<div class=\"elementor-post__thumbnail\"><img decoding=\"async\" width=\"150\" height=\"150\" src=\"https:\/\/radioclubedeinhapim.com.br\/wp-content\/uploads\/2026\/04\/d-150x150.jpg\" class=\"attachment-thumbnail size-thumbnail wp-image-10005\" alt=\"\" srcset=\"https:\/\/radioclubedeinhapim.com.br\/wp-content\/uploads\/2026\/04\/d-150x150.jpg 150w, https:\/\/radioclubedeinhapim.com.br\/wp-content\/uploads\/2026\/04\/d-300x300.jpg 300w, https:\/\/radioclubedeinhapim.com.br\/wp-content\/uploads\/2026\/04\/d-1024x1024.jpg 1024w, https:\/\/radioclubedeinhapim.com.br\/wp-content\/uploads\/2026\/04\/d-768x768.jpg 768w, https:\/\/radioclubedeinhapim.com.br\/wp-content\/uploads\/2026\/04\/d-600x600.jpg 600w, https:\/\/radioclubedeinhapim.com.br\/wp-content\/uploads\/2026\/04\/d.jpg 1080w\" sizes=\"(max-width: 150px) 100vw, 150px\" \/><\/div>\n\t\t<\/a>\n\t\t\t\t<div class=\"elementor-post__text\">\n\t\t\t\t<h3 class=\"elementor-post__title\">\n\t\t\t<a href=\"https:\/\/radioclubedeinhapim.com.br\/index.php\/2026\/04\/27\/justica-decreta-prisao-preventiva-de-acusado-por-duplo-homicidio-apos-adiamento-de-juri-em-inhapim\/\" >\n\t\t\t\tJusti\u00e7a decreta pris\u00e3o preventiva de acusado por duplo homic\u00eddio ap\u00f3s adiamento de j\u00fari em Inhapim\t\t\t<\/a>\n\t\t<\/h3>\n\t\t\t\t<div class=\"elementor-post__meta-data\">\n\t\t\t\t\t<span class=\"elementor-post-date\">\n\t\t\t27 de abril de 2026\t\t<\/span>\n\t\t\t\t<\/div>\n\t\t\t\t<div class=\"elementor-post__excerpt\">\n\t\t\t<p>O Minist\u00e9rio P\u00fablico de Minas Gerais informou que a Justi\u00e7a decretou a pris\u00e3o preventiva de Wallace de Souza, acusado de<\/p>\n\t\t<\/div>\n\t\t\t\t\t<a class=\"elementor-post__read-more\" href=\"https:\/\/radioclubedeinhapim.com.br\/index.php\/2026\/04\/27\/justica-decreta-prisao-preventiva-de-acusado-por-duplo-homicidio-apos-adiamento-de-juri-em-inhapim\/\" >\n\t\t\t\tLeia mais\t\t\t<\/a>\n\t\t\t\t<\/div>\n\t\t\t\t<\/article>\n\t\t\t\t<article class=\"elementor-post elementor-grid-item post-10000 post type-post status-publish format-standard has-post-thumbnail hentry category-noticias\">\n\t\t\t\t<a class=\"elementor-post__thumbnail__link\" href=\"https:\/\/radioclubedeinhapim.com.br\/index.php\/2026\/04\/27\/julgamento-de-duplo-homicidio-em-inhapim-e-adiado-apos-defesa-abandonar-plenario\/\" >\n\t\t\t<div class=\"elementor-post__thumbnail\"><img loading=\"lazy\" decoding=\"async\" width=\"150\" height=\"150\" src=\"https:\/\/radioclubedeinhapim.com.br\/wp-content\/uploads\/2026\/04\/03-150x150.jpg\" class=\"attachment-thumbnail size-thumbnail wp-image-10001\" alt=\"\" srcset=\"https:\/\/radioclubedeinhapim.com.br\/wp-content\/uploads\/2026\/04\/03-150x150.jpg 150w, https:\/\/radioclubedeinhapim.com.br\/wp-content\/uploads\/2026\/04\/03-300x300.jpg 300w, https:\/\/radioclubedeinhapim.com.br\/wp-content\/uploads\/2026\/04\/03-1024x1024.jpg 1024w, https:\/\/radioclubedeinhapim.com.br\/wp-content\/uploads\/2026\/04\/03-768x768.jpg 768w, https:\/\/radioclubedeinhapim.com.br\/wp-content\/uploads\/2026\/04\/03-600x600.jpg 600w, https:\/\/radioclubedeinhapim.com.br\/wp-content\/uploads\/2026\/04\/03.jpg 1080w\" sizes=\"(max-width: 150px) 100vw, 150px\" \/><\/div>\n\t\t<\/a>\n\t\t\t\t<div class=\"elementor-post__text\">\n\t\t\t\t<h3 class=\"elementor-post__title\">\n\t\t\t<a href=\"https:\/\/radioclubedeinhapim.com.br\/index.php\/2026\/04\/27\/julgamento-de-duplo-homicidio-em-inhapim-e-adiado-apos-defesa-abandonar-plenario\/\" >\n\t\t\t\tJulgamento de duplo homic\u00eddio em Inhapim \u00e9 adiado ap\u00f3s defesa abandonar plen\u00e1rio\t\t\t<\/a>\n\t\t<\/h3>\n\t\t\t\t<div class=\"elementor-post__meta-data\">\n\t\t\t\t\t<span class=\"elementor-post-date\">\n\t\t\t27 de abril de 2026\t\t<\/span>\n\t\t\t\t<\/div>\n\t\t\t\t<div class=\"elementor-post__excerpt\">\n\t\t\t<p>O julgamento do caso de duplo homic\u00eddio qualificado que vitimou dois jovens na BR-116, em Inhapim, e que estava previsto<\/p>\n\t\t<\/div>\n\t\t\t\t\t<a class=\"elementor-post__read-more\" href=\"https:\/\/radioclubedeinhapim.com.br\/index.php\/2026\/04\/27\/julgamento-de-duplo-homicidio-em-inhapim-e-adiado-apos-defesa-abandonar-plenario\/\" >\n\t\t\t\tLeia mais\t\t\t<\/a>\n\t\t\t\t<\/div>\n\t\t\t\t<\/article>\n\t\t\t\t<article class=\"elementor-post elementor-grid-item post-9997 post type-post status-publish format-standard has-post-thumbnail hentry category-noticias\">\n\t\t\t\t<a class=\"elementor-post__thumbnail__link\" href=\"https:\/\/radioclubedeinhapim.com.br\/index.php\/2026\/04\/27\/justica-decreta-prisao-preventiva-de-investigados-por-roubos-contra-idosos-em-iapu\/\" >\n\t\t\t<div class=\"elementor-post__thumbnail\"><img loading=\"lazy\" decoding=\"async\" width=\"150\" height=\"150\" src=\"https:\/\/radioclubedeinhapim.com.br\/wp-content\/uploads\/2026\/04\/2-2-150x150.jpg\" class=\"attachment-thumbnail size-thumbnail wp-image-9998\" alt=\"\" srcset=\"https:\/\/radioclubedeinhapim.com.br\/wp-content\/uploads\/2026\/04\/2-2-150x150.jpg 150w, https:\/\/radioclubedeinhapim.com.br\/wp-content\/uploads\/2026\/04\/2-2-300x300.jpg 300w, https:\/\/radioclubedeinhapim.com.br\/wp-content\/uploads\/2026\/04\/2-2-1024x1024.jpg 1024w, https:\/\/radioclubedeinhapim.com.br\/wp-content\/uploads\/2026\/04\/2-2-768x768.jpg 768w, https:\/\/radioclubedeinhapim.com.br\/wp-content\/uploads\/2026\/04\/2-2-600x600.jpg 600w, https:\/\/radioclubedeinhapim.com.br\/wp-content\/uploads\/2026\/04\/2-2.jpg 1080w\" sizes=\"(max-width: 150px) 100vw, 150px\" \/><\/div>\n\t\t<\/a>\n\t\t\t\t<div class=\"elementor-post__text\">\n\t\t\t\t<h3 class=\"elementor-post__title\">\n\t\t\t<a href=\"https:\/\/radioclubedeinhapim.com.br\/index.php\/2026\/04\/27\/justica-decreta-prisao-preventiva-de-investigados-por-roubos-contra-idosos-em-iapu\/\" >\n\t\t\t\tJusti\u00e7a decreta pris\u00e3o preventiva de investigados por roubos contra idosos em Iapu\t\t\t<\/a>\n\t\t<\/h3>\n\t\t\t\t<div class=\"elementor-post__meta-data\">\n\t\t\t\t\t<span class=\"elementor-post-date\">\n\t\t\t27 de abril de 2026\t\t<\/span>\n\t\t\t\t<\/div>\n\t\t\t\t<div class=\"elementor-post__excerpt\">\n\t\t\t<p>A Justi\u00e7a decretou a pris\u00e3o preventiva de dois investigados suspeitos de envolvimento em uma s\u00e9rie de roubos contra idosos no<\/p>\n\t\t<\/div>\n\t\t\t\t\t<a class=\"elementor-post__read-more\" href=\"https:\/\/radioclubedeinhapim.com.br\/index.php\/2026\/04\/27\/justica-decreta-prisao-preventiva-de-investigados-por-roubos-contra-idosos-em-iapu\/\" >\n\t\t\t\tLeia mais\t\t\t<\/a>\n\t\t\t\t<\/div>\n\t\t\t\t<\/article>\n\t\t\t\t<article class=\"elementor-post elementor-grid-item post-9993 post type-post status-publish format-standard has-post-thumbnail hentry category-noticias\">\n\t\t\t\t<a class=\"elementor-post__thumbnail__link\" href=\"https:\/\/radioclubedeinhapim.com.br\/index.php\/2026\/04\/25\/apostas-nao-financeiras-em-plataformas-de-previsoes-sao-proibidas\/\" >\n\t\t\t<div class=\"elementor-post__thumbnail\"><img loading=\"lazy\" decoding=\"async\" width=\"150\" height=\"150\" src=\"https:\/\/radioclubedeinhapim.com.br\/wp-content\/uploads\/2026\/04\/1-2-150x150.jpg\" class=\"attachment-thumbnail size-thumbnail wp-image-9994\" alt=\"\" srcset=\"https:\/\/radioclubedeinhapim.com.br\/wp-content\/uploads\/2026\/04\/1-2-150x150.jpg 150w, https:\/\/radioclubedeinhapim.com.br\/wp-content\/uploads\/2026\/04\/1-2-300x300.jpg 300w, https:\/\/radioclubedeinhapim.com.br\/wp-content\/uploads\/2026\/04\/1-2-1024x1024.jpg 1024w, https:\/\/radioclubedeinhapim.com.br\/wp-content\/uploads\/2026\/04\/1-2-768x768.jpg 768w, https:\/\/radioclubedeinhapim.com.br\/wp-content\/uploads\/2026\/04\/1-2-600x600.jpg 600w, https:\/\/radioclubedeinhapim.com.br\/wp-content\/uploads\/2026\/04\/1-2.jpg 1080w\" sizes=\"(max-width: 150px) 100vw, 150px\" \/><\/div>\n\t\t<\/a>\n\t\t\t\t<div class=\"elementor-post__text\">\n\t\t\t\t<h3 class=\"elementor-post__title\">\n\t\t\t<a href=\"https:\/\/radioclubedeinhapim.com.br\/index.php\/2026\/04\/25\/apostas-nao-financeiras-em-plataformas-de-previsoes-sao-proibidas\/\" >\n\t\t\t\tApostas n\u00e3o financeiras em plataformas de previs\u00f5es s\u00e3o proibidas\t\t\t<\/a>\n\t\t<\/h3>\n\t\t\t\t<div class=\"elementor-post__meta-data\">\n\t\t\t\t\t<span class=\"elementor-post-date\">\n\t\t\t25 de abril de 2026\t\t<\/span>\n\t\t\t\t<\/div>\n\t\t\t\t<div class=\"elementor-post__excerpt\">\n\t\t\t<p>A partir do in\u00edcio de maio, apostas sobre temas como esportes, pol\u00edtica e entretenimento passam a ser proibidas em plataformas<\/p>\n\t\t<\/div>\n\t\t\t\t\t<a class=\"elementor-post__read-more\" href=\"https:\/\/radioclubedeinhapim.com.br\/index.php\/2026\/04\/25\/apostas-nao-financeiras-em-plataformas-de-previsoes-sao-proibidas\/\" >\n\t\t\t\tLeia mais\t\t\t<\/a>\n\t\t\t\t<\/div>\n\t\t\t\t<\/article>\n\t\t\t\t<article class=\"elementor-post elementor-grid-item post-9990 post type-post status-publish format-standard has-post-thumbnail hentry category-noticias\">\n\t\t\t\t<a class=\"elementor-post__thumbnail__link\" href=\"https:\/\/radioclubedeinhapim.com.br\/index.php\/2026\/04\/25\/aneel-define-que-maio-tera-bandeira-tarifaria-amarela\/\" >\n\t\t\t<div class=\"elementor-post__thumbnail\"><img loading=\"lazy\" decoding=\"async\" width=\"150\" height=\"150\" src=\"https:\/\/radioclubedeinhapim.com.br\/wp-content\/uploads\/2026\/04\/9-150x150.jpg\" class=\"attachment-thumbnail size-thumbnail wp-image-9991\" alt=\"\" srcset=\"https:\/\/radioclubedeinhapim.com.br\/wp-content\/uploads\/2026\/04\/9-150x150.jpg 150w, https:\/\/radioclubedeinhapim.com.br\/wp-content\/uploads\/2026\/04\/9-300x300.jpg 300w, https:\/\/radioclubedeinhapim.com.br\/wp-content\/uploads\/2026\/04\/9-1024x1024.jpg 1024w, https:\/\/radioclubedeinhapim.com.br\/wp-content\/uploads\/2026\/04\/9-768x768.jpg 768w, https:\/\/radioclubedeinhapim.com.br\/wp-content\/uploads\/2026\/04\/9-600x600.jpg 600w, https:\/\/radioclubedeinhapim.com.br\/wp-content\/uploads\/2026\/04\/9.jpg 1080w\" sizes=\"(max-width: 150px) 100vw, 150px\" \/><\/div>\n\t\t<\/a>\n\t\t\t\t<div class=\"elementor-post__text\">\n\t\t\t\t<h3 class=\"elementor-post__title\">\n\t\t\t<a href=\"https:\/\/radioclubedeinhapim.com.br\/index.php\/2026\/04\/25\/aneel-define-que-maio-tera-bandeira-tarifaria-amarela\/\" >\n\t\t\t\tAneel define que maio ter\u00e1 bandeira tarif\u00e1ria amarela\t\t\t<\/a>\n\t\t<\/h3>\n\t\t\t\t<div class=\"elementor-post__meta-data\">\n\t\t\t\t\t<span class=\"elementor-post-date\">\n\t\t\t25 de abril de 2026\t\t<\/span>\n\t\t\t\t<\/div>\n\t\t\t\t<div class=\"elementor-post__excerpt\">\n\t\t\t<p>A Ag\u00eancia Nacional de Energia El\u00e9trica (Aneel) anunciou hoje (24) que a bandeira tarif\u00e1ria em maio ser\u00e1 amarela, com um<\/p>\n\t\t<\/div>\n\t\t\t\t\t<a class=\"elementor-post__read-more\" href=\"https:\/\/radioclubedeinhapim.com.br\/index.php\/2026\/04\/25\/aneel-define-que-maio-tera-bandeira-tarifaria-amarela\/\" >\n\t\t\t\tLeia mais\t\t\t<\/a>\n\t\t\t\t<\/div>\n\t\t\t\t<\/article>\n\t\t\t\t<article class=\"elementor-post elementor-grid-item post-9985 post type-post status-publish format-standard has-post-thumbnail hentry category-noticias\">\n\t\t\t\t<a class=\"elementor-post__thumbnail__link\" href=\"https:\/\/radioclubedeinhapim.com.br\/index.php\/2026\/04\/24\/corpo-e-encontrado-em-telhado-as-margens-da-br-116-em-caratinga\/\" >\n\t\t\t<div class=\"elementor-post__thumbnail\"><img loading=\"lazy\" decoding=\"async\" width=\"150\" height=\"150\" src=\"https:\/\/radioclubedeinhapim.com.br\/wp-content\/uploads\/2026\/04\/1-1-150x150.jpg\" class=\"attachment-thumbnail size-thumbnail wp-image-9986\" alt=\"\" srcset=\"https:\/\/radioclubedeinhapim.com.br\/wp-content\/uploads\/2026\/04\/1-1-150x150.jpg 150w, https:\/\/radioclubedeinhapim.com.br\/wp-content\/uploads\/2026\/04\/1-1-300x300.jpg 300w, https:\/\/radioclubedeinhapim.com.br\/wp-content\/uploads\/2026\/04\/1-1-1024x1024.jpg 1024w, https:\/\/radioclubedeinhapim.com.br\/wp-content\/uploads\/2026\/04\/1-1-768x768.jpg 768w, https:\/\/radioclubedeinhapim.com.br\/wp-content\/uploads\/2026\/04\/1-1-600x600.jpg 600w, https:\/\/radioclubedeinhapim.com.br\/wp-content\/uploads\/2026\/04\/1-1.jpg 1080w\" sizes=\"(max-width: 150px) 100vw, 150px\" \/><\/div>\n\t\t<\/a>\n\t\t\t\t<div class=\"elementor-post__text\">\n\t\t\t\t<h3 class=\"elementor-post__title\">\n\t\t\t<a href=\"https:\/\/radioclubedeinhapim.com.br\/index.php\/2026\/04\/24\/corpo-e-encontrado-em-telhado-as-margens-da-br-116-em-caratinga\/\" >\n\t\t\t\tCorpo \u00e9 encontrado em telhado \u00e0s margens da BR-116 em Caratinga\t\t\t<\/a>\n\t\t<\/h3>\n\t\t\t\t<div class=\"elementor-post__meta-data\">\n\t\t\t\t\t<span class=\"elementor-post-date\">\n\t\t\t24 de abril de 2026\t\t<\/span>\n\t\t\t\t<\/div>\n\t\t\t\t<div class=\"elementor-post__excerpt\">\n\t\t\t<p>O corpo de um homem foi encontrado sobre o telhado de um im\u00f3vel localizado em Caratinga, \u00e0s margens da BR-116,<\/p>\n\t\t<\/div>\n\t\t\t\t\t<a class=\"elementor-post__read-more\" href=\"https:\/\/radioclubedeinhapim.com.br\/index.php\/2026\/04\/24\/corpo-e-encontrado-em-telhado-as-margens-da-br-116-em-caratinga\/\" >\n\t\t\t\tLeia mais\t\t\t<\/a>\n\t\t\t\t<\/div>\n\t\t\t\t<\/article>\n\t\t\t\t<article class=\"elementor-post elementor-grid-item post-9982 post type-post status-publish format-standard has-post-thumbnail hentry category-noticias\">\n\t\t\t\t<a class=\"elementor-post__thumbnail__link\" href=\"https:\/\/radioclubedeinhapim.com.br\/index.php\/2026\/04\/24\/acidente-entre-moto-e-caminhonete-e-registrado-em-ubaporanga\/\" >\n\t\t\t<div class=\"elementor-post__thumbnail\"><img loading=\"lazy\" decoding=\"async\" width=\"150\" height=\"150\" src=\"https:\/\/radioclubedeinhapim.com.br\/wp-content\/uploads\/2026\/04\/5-1-150x150.jpg\" class=\"attachment-thumbnail size-thumbnail wp-image-9983\" alt=\"\" srcset=\"https:\/\/radioclubedeinhapim.com.br\/wp-content\/uploads\/2026\/04\/5-1-150x150.jpg 150w, https:\/\/radioclubedeinhapim.com.br\/wp-content\/uploads\/2026\/04\/5-1-300x300.jpg 300w, https:\/\/radioclubedeinhapim.com.br\/wp-content\/uploads\/2026\/04\/5-1-1024x1024.jpg 1024w, https:\/\/radioclubedeinhapim.com.br\/wp-content\/uploads\/2026\/04\/5-1-768x768.jpg 768w, https:\/\/radioclubedeinhapim.com.br\/wp-content\/uploads\/2026\/04\/5-1-600x600.jpg 600w, https:\/\/radioclubedeinhapim.com.br\/wp-content\/uploads\/2026\/04\/5-1.jpg 1080w\" sizes=\"(max-width: 150px) 100vw, 150px\" \/><\/div>\n\t\t<\/a>\n\t\t\t\t<div class=\"elementor-post__text\">\n\t\t\t\t<h3 class=\"elementor-post__title\">\n\t\t\t<a href=\"https:\/\/radioclubedeinhapim.com.br\/index.php\/2026\/04\/24\/acidente-entre-moto-e-caminhonete-e-registrado-em-ubaporanga\/\" >\n\t\t\t\tAcidente entre moto e caminhonete \u00e9 registrado em Ubaporanga\t\t\t<\/a>\n\t\t<\/h3>\n\t\t\t\t<div class=\"elementor-post__meta-data\">\n\t\t\t\t\t<span class=\"elementor-post-date\">\n\t\t\t24 de abril de 2026\t\t<\/span>\n\t\t\t\t<\/div>\n\t\t\t\t<div class=\"elementor-post__excerpt\">\n\t\t\t<p>Um acidente envolvendo uma motocicleta e uma caminhonete foi registrado por volta do meio-dia desta sexta-feira (24), na Avenida Padre<\/p>\n\t\t<\/div>\n\t\t\t\t\t<a class=\"elementor-post__read-more\" href=\"https:\/\/radioclubedeinhapim.com.br\/index.php\/2026\/04\/24\/acidente-entre-moto-e-caminhonete-e-registrado-em-ubaporanga\/\" >\n\t\t\t\tLeia mais\t\t\t<\/a>\n\t\t\t\t<\/div>\n\t\t\t\t<\/article>\n\t\t\t\t<\/div>\n\n\n\t\t\t\t\t<span class=\"e-load-more-spinner\">\n\t\t\t\t<svg aria-hidden=\"true\" class=\"e-font-icon-svg e-fas-spinner\" viewBox=\"0 0 512 512\" xmlns=\"http:\/\/www.w3.org\/2000\/svg\"><path d=\"M304 48c0 26.51-21.49 48-48 48s-48-21.49-48-48 21.49-48 48-48 48 21.49 48 48zm-48 368c-26.51 0-48 21.49-48 48s21.49 48 48 48 48-21.49 48-48-21.49-48-48-48zm208-208c-26.51 0-48 21.49-48 48s21.49 48 48 48 48-21.49 48-48-21.49-48-48-48zM96 256c0-26.51-21.49-48-48-48S0 229.49 0 256s21.49 48 48 48 48-21.49 48-48zm12.922 99.078c-26.51 0-48 21.49-48 48s21.49 48 48 48 48-21.49 48-48c0-26.509-21.491-48-48-48zm294.156 0c-26.51 0-48 21.49-48 48s21.49 48 48 48 48-21.49 48-48c0-26.509-21.49-48-48-48zM108.922 60.922c-26.51 0-48 21.49-48 48s21.49 48 48 48 48-21.49 48-48-21.491-48-48-48z\"><\/path><\/svg>\t\t\t<\/span>\n\t\t\n\t\t\t\t<div class=\"e-load-more-anchor\" data-page=\"1\" data-max-page=\"336\" data-next-page=\"https:\/\/radioclubedeinhapim.com.br\/index.php\/wp-json\/wp\/v2\/pages\/21\/page\/2\/\"><\/div>\n\t\t\t\t<div class=\"elementor-button-wrapper\">\n\t\t\t<a href=\"#\" class=\"elementor-button-link elementor-button\" role=\"button\">\n\t\t\t\t\t\t<span class=\"elementor-button-content-wrapper\">\n\t\t\t\t\t\t<span class=\"elementor-button-text\">Mais not\u00edcias<\/span>\n\t\t<\/span>\n\t\t\t\t\t<\/a>\n\t\t<\/div>\n\t\t\t\t<div class=\"e-load-more-message\">No more posts to show<\/div>\n\t\t\t\t<\/div>\n\t\t\t\t<\/div>\n\t\t\t\t<\/div>\n\t\t<div class=\"elementor-element elementor-element-8a0d6a0 e-con-full e-flex e-con e-child\" data-id=\"8a0d6a0\" data-element_type=\"container\">\n\t\t\t\t<div class=\"elementor-element elementor-element-ce0f9dc elementor-widget elementor-widget-posts\" data-id=\"ce0f9dc\" data-element_type=\"widget\" data-settings=\"{&quot;full_content_row_gap&quot;:{&quot;unit&quot;:&quot;px&quot;,&quot;size&quot;:35,&quot;sizes&quot;:[]}}\" data-widget_type=\"posts.full_content\">\n\t\t\t\t<div class=\"elementor-widget-container\">\n\t\t\t\t\t<div class=\"elementor-posts-container elementor-posts elementor-posts--skin-full_content elementor-grid\">\n\t\t\t\t<article class=\"elementor-post elementor-grid-item post-285 post type-post status-publish format-standard hentry category-evangelho\">\n\t\t\t\t<div class=\"elementor-post__text\">\n\t\t\t\t<h3 class=\"elementor-post__title\">\n\t\t\t<a href=\"https:\/\/radioclubedeinhapim.com.br\/index.php\/2024\/06\/21\/evangelho-do-dia\/\" >\n\t\t\t\tEvangelho do dia\t\t\t<\/a>\n\t\t<\/h3>\n\t\t\n<figure class=\"wp-block-image size-full is-resized\"><img fetchpriority=\"high\" fetchpriority=\"high\" decoding=\"async\" width=\"1000\" height=\"750\" src=\"https:\/\/radioclubedeinhapim.com.br\/wp-content\/uploads\/2024\/07\/biblia.jpg\" alt=\"\" class=\"wp-image-515\" style=\"width:589px;height:auto\" srcset=\"https:\/\/radioclubedeinhapim.com.br\/wp-content\/uploads\/2024\/07\/biblia.jpg 1000w, https:\/\/radioclubedeinhapim.com.br\/wp-content\/uploads\/2024\/07\/biblia-300x225.jpg 300w, https:\/\/radioclubedeinhapim.com.br\/wp-content\/uploads\/2024\/07\/biblia-768x576.jpg 768w\" sizes=\"(max-width: 1000px) 100vw, 1000px\" \/><\/figure>\n\n\n\n<p>Ter\u00e7a feira, 28 de Abril de 2026<a href=\"\"><\/a><\/p>\n\n\n\n<p><strong>Jo\u00e3o 10,22-30<\/strong><\/p>\n\n\n\n<p><strong><em>Aleluia, aleluia, aleluia.<\/em><\/strong><\/p>\n\n\n\n<p><strong><em>Minhas ovelhas escutam minha voz,&nbsp;\/&nbsp;eu as conhe\u00e7o e elas me seguem (Jo 10,27).&nbsp;\u2013 R.<\/em><\/strong><\/p>\n\n\n\n<p>Proclama\u00e7\u00e3o do Evangelho de Jesus Cristo segundo Jo\u00e3o \u2013&nbsp;<sup>22<\/sup>Celebrava-se, em Jerusal\u00e9m, a festa da Dedica\u00e7\u00e3o do templo. Era inverno.&nbsp;<sup>23<\/sup>Jesus passeava pelo templo, no p\u00f3rtico de Salom\u00e3o.&nbsp;<sup>24<\/sup>Os judeus rodeavam-no e disseram: \u201cAt\u00e9 quando nos deixar\u00e1s em d\u00favida? Se tu \u00e9s o Messias, dize-nos abertamente\u201d.&nbsp;<sup>25<\/sup>Jesus respondeu: \u201cJ\u00e1 vo-lo disse, mas v\u00f3s n\u00e3o acreditais. As obras que eu fa\u00e7o em nome do meu Pai d\u00e3o testemunho de mim;&nbsp;<sup>26<\/sup>v\u00f3s, por\u00e9m, n\u00e3o acreditais, porque n\u00e3o sois das minhas ovelhas.&nbsp;<sup>27<\/sup>As minhas ovelhas escutam a minha voz, eu as conhe\u00e7o e elas me seguem.&nbsp;<sup>28<\/sup>Eu dou-lhes a vida eterna, e elas jamais se perder\u00e3o. E ningu\u00e9m vai arranc\u00e1-las de minha m\u00e3o.&nbsp;<sup>29<\/sup>Meu Pai, que me deu essas ovelhas, \u00e9 maior que todos, e ningu\u00e9m pode arrebat\u00e1-las da m\u00e3o do Pai.&nbsp;<sup>30<\/sup>Eu e o Pai somos um\u201d. \u2013 Palavra da salva\u00e7\u00e3o.<\/p>\n\n\n\n<p>Reflex\u00e3o:<\/p>\n\n\n\n<p>A narrativa de hoje \u00e9 rica de detalhes e refer\u00eancias. O fato de Jesus caminhar (em grego, \u201cperipatein\u201d) no templo alude \u00e0 uma famosa escola de filosofia grega, os peripat\u00e9ticos; assim como o p\u00f3rtico (\u201csto\u00e1\u201d) faz lembrar do estoicismo, outra escola filos\u00f3fica grega. Jesus \u00e9 um mestre maior do que qualquer um dos fil\u00f3sofos, pois ele \u00e9 a Sabedoria encarnada. Outro detalhe destacado pelo evangelista Jo\u00e3o \u00e9 o contexto da festa da Dedica\u00e7\u00e3o, que durava oito dias. Essa festa (em hebraico, Hanukkah) celebrava a dedica\u00e7\u00e3o e a reconsagra\u00e7\u00e3o do templo de Jerusal\u00e9m, profanado por Ant\u00edoco IV, ap\u00f3s a vit\u00f3ria de Judas Macabeu sobre Israel, no ano 164 a.C. Jesus associa essa festa a si mesmo, referindo-se \u00e0 sua pr\u00f3pria consagra\u00e7\u00e3o pelo Pai, que ser\u00e1 mencionada mais adiante, no v. 36.<\/p>\n\t\t<\/div>\n\t\t\t\t<\/article>\n\t\t\t\t<\/div>\n\n\n\t\t\n\t\t\t\t<\/div>\n\t\t\t\t<\/div>\n\t\t\t\t<\/div>\n\t\t\t\t<\/div>\n\t\t<div class=\"elementor-element elementor-element-ddabc13 e-con-full e-flex e-con e-parent\" data-id=\"ddabc13\" data-element_type=\"container\">\n\t\t\t\t<\/div>\n\t\t<div class=\"elementor-element elementor-element-991438a e-flex e-con-boxed e-con e-parent\" data-id=\"991438a\" data-element_type=\"container\">\n\t\t\t\t\t<div class=\"e-con-inner\">\n\t\t\t\t\t<\/div>\n\t\t\t\t<\/div>\n\t\t<div class=\"elementor-element elementor-element-acaa3a9 e-flex e-con-boxed e-con e-parent\" data-id=\"acaa3a9\" data-element_type=\"container\">\n\t\t\t\t\t<div class=\"e-con-inner\">\n\t\t\t\t<div class=\"elementor-element elementor-element-a53475c elementor-widget elementor-widget-post-info\" data-id=\"a53475c\" data-element_type=\"widget\" data-widget_type=\"post-info.default\">\n\t\t\t\t<div class=\"elementor-widget-container\">\n\t\t\t<link rel=\"stylesheet\" href=\"https:\/\/radioclubedeinhapim.com.br\/wp-content\/plugins\/elementor\/assets\/css\/widget-icon-list.min.css\"><link rel=\"stylesheet\" href=\"https:\/\/radioclubedeinhapim.com.br\/wp-content\/plugins\/elementor-pro\/assets\/css\/widget-theme-elements.min.css\">\t\t<ul class=\"elementor-inline-items elementor-icon-list-items elementor-post-info\">\n\t\t\t\t\t\t\t\t<li class=\"elementor-icon-list-item elementor-repeater-item-56b44ab elementor-inline-item\" itemprop=\"author\">\n\t\t\t\t\t\t<a href=\"https:\/\/radioclubedeinhapim.com.br\/index.php\/author\/ari\/\">\n\t\t\t\t\t\t\t\t\t\t\t<span class=\"elementor-icon-list-icon\">\n\t\t\t\t\t\t\t\t<svg aria-hidden=\"true\" class=\"e-font-icon-svg e-far-user-circle\" viewBox=\"0 0 496 512\" xmlns=\"http:\/\/www.w3.org\/2000\/svg\"><path d=\"M248 104c-53 0-96 43-96 96s43 96 96 96 96-43 96-96-43-96-96-96zm0 144c-26.5 0-48-21.5-48-48s21.5-48 48-48 48 21.5 48 48-21.5 48-48 48zm0-240C111 8 0 119 0 256s111 248 248 248 248-111 248-248S385 8 248 8zm0 448c-49.7 0-95.1-18.3-130.1-48.4 14.9-23 40.4-38.6 69.6-39.5 20.8 6.4 40.6 9.6 60.5 9.6s39.7-3.1 60.5-9.6c29.2 1 54.7 16.5 69.6 39.5-35 30.1-80.4 48.4-130.1 48.4zm162.7-84.1c-24.4-31.4-62.1-51.9-105.1-51.9-10.2 0-26 9.6-57.6 9.6-31.5 0-47.4-9.6-57.6-9.6-42.9 0-80.6 20.5-105.1 51.9C61.9 339.2 48 299.2 48 256c0-110.3 89.7-200 200-200s200 89.7 200 200c0 43.2-13.9 83.2-37.3 115.9z\"><\/path><\/svg>\t\t\t\t\t\t\t<\/span>\n\t\t\t\t\t\t\t\t\t<span class=\"elementor-icon-list-text elementor-post-info__item elementor-post-info__item--type-author\">\n\t\t\t\t\t\t\t\t\t\tari\t\t\t\t\t<\/span>\n\t\t\t\t\t\t\t\t\t<\/a>\n\t\t\t\t<\/li>\n\t\t\t\t<li class=\"elementor-icon-list-item elementor-repeater-item-ff4e781 elementor-inline-item\" itemprop=\"datePublished\">\n\t\t\t\t\t\t<a href=\"https:\/\/radioclubedeinhapim.com.br\/index.php\/2024\/06\/21\/\">\n\t\t\t\t\t\t\t\t\t\t\t<span class=\"elementor-icon-list-icon\">\n\t\t\t\t\t\t\t\t<svg aria-hidden=\"true\" class=\"e-font-icon-svg e-fas-calendar\" viewBox=\"0 0 448 512\" xmlns=\"http:\/\/www.w3.org\/2000\/svg\"><path d=\"M12 192h424c6.6 0 12 5.4 12 12v260c0 26.5-21.5 48-48 48H48c-26.5 0-48-21.5-48-48V204c0-6.6 5.4-12 12-12zm436-44v-36c0-26.5-21.5-48-48-48h-48V12c0-6.6-5.4-12-12-12h-40c-6.6 0-12 5.4-12 12v52H160V12c0-6.6-5.4-12-12-12h-40c-6.6 0-12 5.4-12 12v52H48C21.5 64 0 85.5 0 112v36c0 6.6 5.4 12 12 12h424c6.6 0 12-5.4 12-12z\"><\/path><\/svg>\t\t\t\t\t\t\t<\/span>\n\t\t\t\t\t\t\t\t\t<span class=\"elementor-icon-list-text elementor-post-info__item elementor-post-info__item--type-date\">\n\t\t\t\t\t\t\t\t\t\tjunho 21, 2024\t\t\t\t\t<\/span>\n\t\t\t\t\t\t\t\t\t<\/a>\n\t\t\t\t<\/li>\n\t\t\t\t<li class=\"elementor-icon-list-item elementor-repeater-item-61338f9 elementor-inline-item\">\n\t\t\t\t\t\t\t\t\t\t<span class=\"elementor-icon-list-icon\">\n\t\t\t\t\t\t\t\t<svg aria-hidden=\"true\" class=\"e-font-icon-svg e-far-clock\" viewBox=\"0 0 512 512\" xmlns=\"http:\/\/www.w3.org\/2000\/svg\"><path d=\"M256 8C119 8 8 119 8 256s111 248 248 248 248-111 248-248S393 8 256 8zm0 448c-110.5 0-200-89.5-200-200S145.5 56 256 56s200 89.5 200 200-89.5 200-200 200zm61.8-104.4l-84.9-61.7c-3.1-2.3-4.9-5.9-4.9-9.7V116c0-6.6 5.4-12 12-12h32c6.6 0 12 5.4 12 12v141.7l66.8 48.6c5.4 3.9 6.5 11.4 2.6 16.8L334.6 349c-3.9 5.3-11.4 6.5-16.8 2.6z\"><\/path><\/svg>\t\t\t\t\t\t\t<\/span>\n\t\t\t\t\t\t\t\t\t<span class=\"elementor-icon-list-text elementor-post-info__item elementor-post-info__item--type-time\">\n\t\t\t\t\t\t\t\t\t\t10:58 pm\t\t\t\t\t<\/span>\n\t\t\t\t\t\t\t\t<\/li>\n\t\t\t\t<li class=\"elementor-icon-list-item elementor-repeater-item-4421f5b elementor-inline-item\" itemprop=\"commentCount\">\n\t\t\t\t\t\t<a href=\"https:\/\/radioclubedeinhapim.com.br\/index.php\/2024\/06\/21\/evangelho-do-dia\/#respond\">\n\t\t\t\t\t\t\t\t\t\t\t<span class=\"elementor-icon-list-icon\">\n\t\t\t\t\t\t\t\t<svg aria-hidden=\"true\" class=\"e-font-icon-svg e-far-comment-dots\" viewBox=\"0 0 512 512\" xmlns=\"http:\/\/www.w3.org\/2000\/svg\"><path d=\"M144 208c-17.7 0-32 14.3-32 32s14.3 32 32 32 32-14.3 32-32-14.3-32-32-32zm112 0c-17.7 0-32 14.3-32 32s14.3 32 32 32 32-14.3 32-32-14.3-32-32-32zm112 0c-17.7 0-32 14.3-32 32s14.3 32 32 32 32-14.3 32-32-14.3-32-32-32zM256 32C114.6 32 0 125.1 0 240c0 47.6 19.9 91.2 52.9 126.3C38 405.7 7 439.1 6.5 439.5c-6.6 7-8.4 17.2-4.6 26S14.4 480 24 480c61.5 0 110-25.7 139.1-46.3C192 442.8 223.2 448 256 448c141.4 0 256-93.1 256-208S397.4 32 256 32zm0 368c-26.7 0-53.1-4.1-78.4-12.1l-22.7-7.2-19.5 13.8c-14.3 10.1-33.9 21.4-57.5 29 7.3-12.1 14.4-25.7 19.9-40.2l10.6-28.1-20.6-21.8C69.7 314.1 48 282.2 48 240c0-88.2 93.3-160 208-160s208 71.8 208 160-93.3 160-208 160z\"><\/path><\/svg>\t\t\t\t\t\t\t<\/span>\n\t\t\t\t\t\t\t\t\t<span class=\"elementor-icon-list-text elementor-post-info__item elementor-post-info__item--type-comments\">\n\t\t\t\t\t\t\t\t\t\tNo Comments\t\t\t\t\t<\/span>\n\t\t\t\t\t\t\t\t\t<\/a>\n\t\t\t\t<\/li>\n\t\t\t\t<\/ul>\n\t\t\t\t<\/div>\n\t\t\t\t<\/div>\n\t\t\t\t\t<\/div>\n\t\t\t\t<\/div>\n\t\t\t\t<\/div>\n\t\t","protected":false},"excerpt":{"rendered":"<p>MOTOCICLISTA PERDE CONTROLE E CAI EM UM BARRANCO EM CARATINGA Motorista perde o controle da dire\u00e7\u00e3o e carro sai da pista Pol\u00edcias Civis de Ipanema e Esp\u00edrito Santo cumprem mandados em opera\u00e7\u00e3o contra fraude de cons\u00f3rcios Lei sancionada por Lula institui 19 de novembro como Dia do Rei Pel\u00e9<\/p>\n","protected":false},"author":1,"featured_media":0,"parent":0,"menu_order":0,"comment_status":"closed","ping_status":"closed","template":"elementor_header_footer","meta":{"footnotes":""},"class_list":["post-21","page","type-page","status-publish","hentry"],"wpmagazine_modules_lite_featured_media_urls":{"thumbnail":"","cvmm-medium":"","cvmm-medium-plus":"","cvmm-portrait":"","cvmm-medium-square":"","cvmm-large":"","cvmm-small":"","full":""},"categories_names":null,"comments_number":"0","_links":{"self":[{"href":"https:\/\/radioclubedeinhapim.com.br\/index.php\/wp-json\/wp\/v2\/pages\/21","targetHints":{"allow":["GET"]}}],"collection":[{"href":"https:\/\/radioclubedeinhapim.com.br\/index.php\/wp-json\/wp\/v2\/pages"}],"about":[{"href":"https:\/\/radioclubedeinhapim.com.br\/index.php\/wp-json\/wp\/v2\/types\/page"}],"author":[{"embeddable":true,"href":"https:\/\/radioclubedeinhapim.com.br\/index.php\/wp-json\/wp\/v2\/users\/1"}],"replies":[{"embeddable":true,"href":"https:\/\/radioclubedeinhapim.com.br\/index.php\/wp-json\/wp\/v2\/comments?post=21"}],"version-history":[{"count":173,"href":"https:\/\/radioclubedeinhapim.com.br\/index.php\/wp-json\/wp\/v2\/pages\/21\/revisions"}],"predecessor-version":[{"id":522,"href":"https:\/\/radioclubedeinhapim.com.br\/index.php\/wp-json\/wp\/v2\/pages\/21\/revisions\/522"}],"wp:attachment":[{"href":"https:\/\/radioclubedeinhapim.com.br\/index.php\/wp-json\/wp\/v2\/media?parent=21"}],"curies":[{"name":"wp","href":"https:\/\/api.w.org\/{rel}","templated":true}]}}